{"id":80,"date":"2025-03-25T11:39:19","date_gmt":"2025-03-25T11:39:19","guid":{"rendered":"https:\/\/factgo.nextwpcook.com\/?page_id=80"},"modified":"2025-09-05T08:27:55","modified_gmt":"2025-09-05T08:27:55","slug":"hakkimizda","status":"publish","type":"page","link":"https:\/\/a3madencilik.com\/en\/hakkimizda\/","title":{"rendered":"Hakk\u0131m\u0131zda"},"content":{"rendered":"<div data-elementor-type=\"wp-page\" data-elementor-id=\"80\" class=\"elementor elementor-80\" data-elementor-settings=\"{&quot;element_pack_global_tooltip_width&quot;:{&quot;unit&quot;:&quot;px&quot;,&quot;size&quot;:&quot;&quot;,&quot;sizes&quot;:[]},&quot;element_pack_global_tooltip_width_tablet&quot;:{&quot;unit&quot;:&quot;px&quot;,&quot;size&quot;:&quot;&quot;,&quot;sizes&quot;:[]},&quot;element_pack_global_tooltip_width_mobile&quot;:{&quot;unit&quot;:&quot;px&quot;,&quot;size&quot;:&quot;&quot;,&quot;sizes&quot;:[]},&quot;element_pack_global_tooltip_padding&quot;:{&quot;unit&quot;:&quot;px&quot;,&quot;top&quot;:&quot;&quot;,&quot;right&quot;:&quot;&quot;,&quot;bottom&quot;:&quot;&quot;,&quot;left&quot;:&quot;&quot;,&quot;isLinked&quot;:true},&quot;element_pack_global_tooltip_padding_tablet&quot;:{&quot;unit&quot;:&quot;px&quot;,&quot;top&quot;:&quot;&quot;,&quot;right&quot;:&quot;&quot;,&quot;bottom&quot;:&quot;&quot;,&quot;left&quot;:&quot;&quot;,&quot;isLinked&quot;:true},&quot;element_pack_global_tooltip_padding_mobile&quot;:{&quot;unit&quot;:&quot;px&quot;,&quot;top&quot;:&quot;&quot;,&quot;right&quot;:&quot;&quot;,&quot;bottom&quot;:&quot;&quot;,&quot;left&quot;:&quot;&quot;,&quot;isLinked&quot;:true},&quot;element_pack_global_tooltip_border_radius&quot;:{&quot;unit&quot;:&quot;px&quot;,&quot;top&quot;:&quot;&quot;,&quot;right&quot;:&quot;&quot;,&quot;bottom&quot;:&quot;&quot;,&quot;left&quot;:&quot;&quot;,&quot;isLinked&quot;:true},&quot;element_pack_global_tooltip_border_radius_tablet&quot;:{&quot;unit&quot;:&quot;px&quot;,&quot;top&quot;:&quot;&quot;,&quot;right&quot;:&quot;&quot;,&quot;bottom&quot;:&quot;&quot;,&quot;left&quot;:&quot;&quot;,&quot;isLinked&quot;:true},&quot;element_pack_global_tooltip_border_radius_mobile&quot;:{&quot;unit&quot;:&quot;px&quot;,&quot;top&quot;:&quot;&quot;,&quot;right&quot;:&quot;&quot;,&quot;bottom&quot;:&quot;&quot;,&quot;left&quot;:&quot;&quot;,&quot;isLinked&quot;:true}}\" data-elementor-post-type=\"page\">\n\t\t\t\t<div class=\"elementor-element elementor-element-60a92f7 e-flex e-con-boxed e-con e-parent\" data-id=\"60a92f7\" data-element_type=\"container\">\n\t\t\t\t\t<div class=\"e-con-inner\">\n\t\t<div class=\"elementor-element elementor-element-970c771 e-con-full e-flex e-con e-child\" data-id=\"970c771\" data-element_type=\"container\">\n\t\t\t\t<div class=\"elementor-element elementor-element-a4c6c0a elementor-widget elementor-widget-txwpc-heading\" data-id=\"a4c6c0a\" data-element_type=\"widget\" data-widget_type=\"txwpc-heading.default\">\n\t\t\t\t<div class=\"elementor-widget-container\">\n\t\t\t\t\t<div class=\"section-heading\"><p class=\"section-heading-title\">A3 MADEN<\/p><\/div>\t\t\t\t<\/div>\n\t\t\t\t<\/div>\n\t\t\t\t<div class=\"elementor-element elementor-element-0dae207 elementor-widget elementor-widget-txwpc-heading\" data-id=\"0dae207\" data-element_type=\"widget\" data-widget_type=\"txwpc-heading.default\">\n\t\t\t\t<div class=\"elementor-widget-container\">\n\t\t\t\t\t<div class=\"section-heading\"><h2 class=\"section-heading-title\">A3 Maden Hakk\u0131nda<\/h2><\/div>\t\t\t\t<\/div>\n\t\t\t\t<\/div>\n\t\t\t\t<div class=\"elementor-element elementor-element-37d2044 elementor-widget elementor-widget-text-editor\" data-id=\"37d2044\" data-element_type=\"widget\" data-widget_type=\"text-editor.default\">\n\t\t\t\t\t\t\t\t\t<div class=\"title-area mb-20\"><p class=\"sec-text mb-35\">A3 Madencilik, madencilik sekt\u00f6r\u00fcnde faaliyet g\u00f6stermek \u00fczere kurulmu\u015f, alan\u0131nda \u00f6nc\u00fc olmay\u0131 hedefleyen bir firmad\u0131r. \u015eirketimiz, 2018 y\u0131l\u0131nda krom madencili\u011fiyle faaliyetine ba\u015flam\u0131\u015f, ilerleyen y\u0131llarda faaliyet alan\u0131n\u0131 di\u011fer metalik madenlerle geni\u015fleterek sekt\u00f6r\u00fcn \u00f6nemli oyuncular\u0131ndan biri haline gelmi\u015ftir.<br \/><br \/>A3&#8217;\u00fcn temelleri, at\u0131ld\u0131ktan k\u0131sa s\u00fcre i\u00e7inde modern tesisle\u015fme ad\u0131mlar\u0131 at\u0131larak, sekt\u00f6rdeki yerimiz g\u00fc\u00e7lendirilmi\u015ftir. Geli\u015fen ve b\u00fcy\u00fcyen yap\u0131m\u0131zla birlikte, y\u0131llar i\u00e7inde \u00fclkemizin farkl\u0131 b\u00f6lgelerinde maden arama ve \u00fcretim faaliyetlerimizi \u00e7e\u015fitlendirerek s\u00fcrd\u00fcr\u00fcyoruz. 2020 y\u0131l\u0131nda ger\u00e7ekle\u015ftirilen \u00f6nemli yat\u0131r\u0131mlarla A3 Madencilik, maden arama ve \u00fcretim faaliyetlerinde modern teknolojiyi kullanarak verimlili\u011fi art\u0131rmay\u0131 ve s\u00fcrd\u00fcr\u00fclebilir madencilik ve cevre bilinci anlayisi ilkeleri do\u011frultusunda \u00e7al\u0131\u015fmay\u0131 kendisine misyon edinmi\u015ftir. Bu kapsamda, krom, madenlerin zenginle\u015ftirilmesi ve \u00fcretiminde kalite standartlar\u0131n\u0131 s\u00fcrekli olarak y\u00fckseltiyoruz.<\/p><\/div>\t\t\t\t\t\t\t\t<\/div>\n\t\t\t\t<\/div>\n\t\t<div class=\"elementor-element elementor-element-f93396f e-con-full e-flex e-con e-child\" data-id=\"f93396f\" data-element_type=\"container\">\n\t\t\t\t<div class=\"elementor-element elementor-element-e71e851 elementor-widget elementor-widget-image\" data-id=\"e71e851\" data-element_type=\"widget\" data-widget_type=\"image.default\">\n\t\t\t\t\t\t\t\t\t\t\t\t\t\t\t<img fetchpriority=\"high\" decoding=\"async\" width=\"1707\" height=\"2560\" src=\"https:\/\/a3madencilik.com\/wp-content\/uploads\/2025\/09\/anasayfa_hakkimizda-scaled.jpg\" class=\"attachment-full size-full wp-image-3750\" alt=\"\" srcset=\"https:\/\/a3madencilik.com\/wp-content\/uploads\/2025\/09\/anasayfa_hakkimizda-scaled.jpg 1707w, https:\/\/a3madencilik.com\/wp-content\/uploads\/2025\/09\/anasayfa_hakkimizda-200x300.jpg 200w, https:\/\/a3madencilik.com\/wp-content\/uploads\/2025\/09\/anasayfa_hakkimizda-683x1024.jpg 683w, https:\/\/a3madencilik.com\/wp-content\/uploads\/2025\/09\/anasayfa_hakkimizda-768x1152.jpg 768w, https:\/\/a3madencilik.com\/wp-content\/uploads\/2025\/09\/anasayfa_hakkimizda-1024x1536.jpg 1024w, https:\/\/a3madencilik.com\/wp-content\/uploads\/2025\/09\/anasayfa_hakkimizda-1365x2048.jpg 1365w, https:\/\/a3madencilik.com\/wp-content\/uploads\/2025\/09\/anasayfa_hakkimizda-600x900.jpg 600w\" sizes=\"(max-width: 1707px) 100vw, 1707px\" \/>\t\t\t\t\t\t\t\t\t\t\t\t\t\t\t<\/div>\n\t\t\t\t<\/div>\n\t\t\t\t\t<\/div>\n\t\t\t\t<\/div>\n\t\t<div class=\"elementor-element elementor-element-14f3a2f e-grid e-con-boxed e-con e-child\" data-id=\"14f3a2f\" data-element_type=\"container\">\n\t\t\t\t\t<div class=\"e-con-inner\">\n\t\t<div class=\"elementor-element elementor-element-b98aad1 e-con-full e-flex e-con e-child\" data-id=\"b98aad1\" data-element_type=\"container\">\n\t\t\t\t<div class=\"elementor-element elementor-element-622ca56 elementor-widget elementor-widget-txwpc-icon-box\" data-id=\"622ca56\" data-element_type=\"widget\" data-widget_type=\"txwpc-icon-box.default\">\n\t\t\t\t<div class=\"elementor-widget-container\">\n\t\t\t\t\t\r\n        <div class=\"icon__box-item\">\r\n                                                <div class=\"icon__box-item-content\">\r\n                <div class=\"title\">\r\n                                            <h5 class=\"box-title\">\r\n                            Vizyonumuz                        <\/h5>\r\n                                                                <p>Madencilik sekt\u00f6r\u00fcnde modern teknolojileri, s\u00fcrd\u00fcr\u00fclebilirlik ilkelerini ve \u00e7evre bilincini \u00f6n planda tutarak; g\u00fcvenilir, yenilik\u00e7i ve kalite odakl\u0131 \u00fcretim anlay\u0131\u015f\u0131m\u0131zla hem \u00fclkemizde hem de uluslararas\u0131 alanda \u00f6nc\u00fc ve sayg\u0131n bir marka haline gelmek.<\/p>\n                                    <\/div>\r\n                            <\/div>\r\n        <\/div>\r\n\r\n        \t\t\t\t<\/div>\n\t\t\t\t<\/div>\n\t\t\t\t<\/div>\n\t\t<div class=\"elementor-element elementor-element-c2c2c77 e-con-full e-flex e-con e-child\" data-id=\"c2c2c77\" data-element_type=\"container\">\n\t\t\t\t<div class=\"elementor-element elementor-element-91055b4 elementor-widget elementor-widget-txwpc-icon-box\" data-id=\"91055b4\" data-element_type=\"widget\" data-widget_type=\"txwpc-icon-box.default\">\n\t\t\t\t<div class=\"elementor-widget-container\">\n\t\t\t\t\t\r\n        <div class=\"icon__box-item\">\r\n                                                <div class=\"icon__box-item-content\">\r\n                <div class=\"title\">\r\n                                            <h5 class=\"box-title\">\r\n                            Misyonumuz                        <\/h5>\r\n                                                                <p>Do\u011fal kaynaklar\u0131m\u0131z\u0131 en verimli ve sorumlu y\u00f6ntemlerle de\u011ferlendirerek, s\u00fcrekli geli\u015fen \u00fcretim s\u00fcre\u00e7lerimizle \u00fclke ekonomisine katk\u0131 sa\u011flamak; \u00e7al\u0131\u015fanlar\u0131m\u0131z, i\u015f ortaklar\u0131m\u0131z ve toplum i\u00e7in g\u00fcvenilir \u00e7\u00f6z\u00fcmler sunarak gelece\u011fe kal\u0131c\u0131 de\u011ferler b\u0131rakmak.<\/p>\n                                    <\/div>\r\n                            <\/div>\r\n        <\/div>\r\n\r\n        \t\t\t\t<\/div>\n\t\t\t\t<\/div>\n\t\t\t\t<\/div>\n\t\t<div class=\"elementor-element elementor-element-ad7c097 e-con-full e-flex e-con e-child\" data-id=\"ad7c097\" data-element_type=\"container\">\n\t\t\t\t<div class=\"elementor-element elementor-element-5ec6f0d elementor-widget elementor-widget-txwpc-icon-box\" data-id=\"5ec6f0d\" data-element_type=\"widget\" data-widget_type=\"txwpc-icon-box.default\">\n\t\t\t\t<div class=\"elementor-widget-container\">\n\t\t\t\t\t\r\n        <div class=\"icon__box-item\">\r\n                                                <div class=\"icon__box-item-content\">\r\n                <div class=\"title\">\r\n                                            <h5 class=\"box-title\">\r\n                            De\u011ferlerimiz                        <\/h5>\r\n                                                                <p data-start=\"176\" data-end=\"447\">Faaliyetlerimizi g\u00fcvenilirlik, s\u00fcrd\u00fcr\u00fclebilirlik, yenilik\u00e7ilik, kalite ve \u00e7evre bilinci ilkeleri \u00fczerine in\u015fa ederek; \u00e7al\u0131\u015fanlar\u0131m\u0131z, i\u015f ortaklar\u0131m\u0131z ve toplum i\u00e7in sorumluluk duygusuyla hareket ediyor, gelece\u011fe katk\u0131 sa\u011flamay\u0131 temel de\u011ferimiz kabul ediyoruz.<\/p>\n                                    <\/div>\r\n                            <\/div>\r\n        <\/div>\r\n\r\n        \t\t\t\t<\/div>\n\t\t\t\t<\/div>\n\t\t\t\t<\/div>\n\t\t\t\t\t<\/div>\n\t\t\t\t<\/div>\n\t\t\t\t<\/div>","protected":false},"excerpt":{"rendered":"<p>A3 MADEN A3 Maden Hakk\u0131nda A3 Madencilik, madencilik sekt\u00f6r\u00fcnde faaliyet g\u00f6stermek \u00fczere kurulmu\u015f, alan\u0131nda \u00f6nc\u00fc olmay\u0131 hedefleyen bir firmad\u0131r. \u015eirketimiz, 2018 y\u0131l\u0131nda krom madencili\u011fiyle faaliyetine ba\u015flam\u0131\u015f, ilerleyen y\u0131llarda faaliyet alan\u0131n\u0131 di\u011fer metalik madenlerle geni\u015fleterek sekt\u00f6r\u00fcn \u00f6nemli oyuncular\u0131ndan biri haline gelmi\u015ftir. A3&#8217;\u00fcn temelleri, at\u0131ld\u0131ktan k\u0131sa s\u00fcre i\u00e7inde modern tesisle\u015fme ad\u0131mlar\u0131 at\u0131larak, sekt\u00f6rdeki yerimiz g\u00fc\u00e7lendirilmi\u015ftir. Geli\u015fen ve [&hellip;]<\/p>","protected":false},"author":1,"featured_media":0,"parent":0,"menu_order":0,"comment_status":"closed","ping_status":"closed","template":"page-builder.php","meta":{"footnotes":""},"class_list":["post-80","page","type-page","status-publish","hentry"],"_links":{"self":[{"href":"https:\/\/a3madencilik.com\/en\/wp-json\/wp\/v2\/pages\/80","targetHints":{"allow":["GET"]}}],"collection":[{"href":"https:\/\/a3madencilik.com\/en\/wp-json\/wp\/v2\/pages"}],"about":[{"href":"https:\/\/a3madencilik.com\/en\/wp-json\/wp\/v2\/types\/page"}],"author":[{"embeddable":true,"href":"https:\/\/a3madencilik.com\/en\/wp-json\/wp\/v2\/users\/1"}],"replies":[{"embeddable":true,"href":"https:\/\/a3madencilik.com\/en\/wp-json\/wp\/v2\/comments?post=80"}],"version-history":[{"count":5,"href":"https:\/\/a3madencilik.com\/en\/wp-json\/wp\/v2\/pages\/80\/revisions"}],"predecessor-version":[{"id":3755,"href":"https:\/\/a3madencilik.com\/en\/wp-json\/wp\/v2\/pages\/80\/revisions\/3755"}],"wp:attachment":[{"href":"https:\/\/a3madencilik.com\/en\/wp-json\/wp\/v2\/media?parent=80"}],"curies":[{"name":"wp","href":"https:\/\/api.w.org\/{rel}","templated":true}]}}